{"id":1408,"date":"2024-01-17T13:59:11","date_gmt":"2024-01-17T11:59:11","guid":{"rendered":"https:\/\/luontomuseo.fi\/?page_id=1408"},"modified":"2025-11-23T08:37:35","modified_gmt":"2025-11-23T06:37:35","slug":"menneet-nayttelyt","status":"publish","type":"page","link":"https:\/\/luontomuseo.fi\/en\/menneet-nayttelyt\/","title":{"rendered":"Past exhibitions"},"content":{"rendered":"<div class=\"wp-block-columns is-layout-flex wp-container-core-columns-is-layout-1 wp-block-columns-is-layout-flex\">\n<div class=\"wp-block-column is-layout-flow wp-block-column-is-layout-flow\" style=\"flex-basis:100%\">\n<h2 class=\"wp-block-heading\">Katso Syvemm\u00e4lle &#8211; Neea Eloranta<\/h2>\n\n\n\n<figure class=\"wp-block-image size-large\"><img loading=\"lazy\" decoding=\"async\" width=\"724\" height=\"1024\" src=\"https:\/\/luontomuseo.fi\/wp-content\/uploads\/2025\/10\/web_juliste_neeaeloranta_katsosyvemmalle_2025-724x1024.jpg\" alt=\"\" class=\"wp-image-1734\" srcset=\"https:\/\/luontomuseo.fi\/wp-content\/uploads\/2025\/10\/web_juliste_neeaeloranta_katsosyvemmalle_2025-724x1024.jpg 724w, https:\/\/luontomuseo.fi\/wp-content\/uploads\/2025\/10\/web_juliste_neeaeloranta_katsosyvemmalle_2025-212x300.jpg 212w, https:\/\/luontomuseo.fi\/wp-content\/uploads\/2025\/10\/web_juliste_neeaeloranta_katsosyvemmalle_2025-768x1086.jpg 768w, https:\/\/luontomuseo.fi\/wp-content\/uploads\/2025\/10\/web_juliste_neeaeloranta_katsosyvemmalle_2025-8x12.jpg 8w, https:\/\/luontomuseo.fi\/wp-content\/uploads\/2025\/10\/web_juliste_neeaeloranta_katsosyvemmalle_2025.jpg 842w\" sizes=\"auto, (max-width: 724px) 100vw, 724px\" \/><\/figure>\n\n\n\n<h2 class=\"wp-block-heading\">Iloa mustikasta<\/h2>\n\n\n\n<figure class=\"wp-block-image size-large\"><img loading=\"lazy\" decoding=\"async\" width=\"724\" height=\"1024\" src=\"https:\/\/luontomuseo.fi\/wp-content\/uploads\/2025\/08\/ILOA-MUSTIKASTA_Forssa-2025-724x1024.png\" alt=\"\" class=\"wp-image-1712\" srcset=\"https:\/\/luontomuseo.fi\/wp-content\/uploads\/2025\/08\/ILOA-MUSTIKASTA_Forssa-2025-724x1024.png 724w, https:\/\/luontomuseo.fi\/wp-content\/uploads\/2025\/08\/ILOA-MUSTIKASTA_Forssa-2025-212x300.png 212w, https:\/\/luontomuseo.fi\/wp-content\/uploads\/2025\/08\/ILOA-MUSTIKASTA_Forssa-2025-768x1086.png 768w, https:\/\/luontomuseo.fi\/wp-content\/uploads\/2025\/08\/ILOA-MUSTIKASTA_Forssa-2025-1086x1536.png 1086w, https:\/\/luontomuseo.fi\/wp-content\/uploads\/2025\/08\/ILOA-MUSTIKASTA_Forssa-2025-1448x2048.png 1448w, https:\/\/luontomuseo.fi\/wp-content\/uploads\/2025\/08\/ILOA-MUSTIKASTA_Forssa-2025-8x12.png 8w, https:\/\/luontomuseo.fi\/wp-content\/uploads\/2025\/08\/ILOA-MUSTIKASTA_Forssa-2025-1200x1697.png 1200w, https:\/\/luontomuseo.fi\/wp-content\/uploads\/2025\/08\/ILOA-MUSTIKASTA_Forssa-2025.png 1654w\" sizes=\"auto, (max-width: 724px) 100vw, 724px\" \/><\/figure>\n\n\n\n<h2 class=\"wp-block-heading\">H\u00f6yhenpukujen hienovaraisuus <strong>\u2013 Tutkielmia linnuista<\/strong><\/h2>\n<\/div>\n<\/div>\n\n\n\n<figure class=\"wp-block-image size-large\"><img loading=\"lazy\" decoding=\"async\" width=\"1024\" height=\"819\" src=\"https:\/\/luontomuseo.fi\/wp-content\/uploads\/2025\/07\/nayttely_small-1024x819.jpg\" alt=\"Valokuvan\u00e4yttely h\u00f6uyhenpukujen hienovaraisuus\" class=\"wp-image-1702\" srcset=\"https:\/\/luontomuseo.fi\/wp-content\/uploads\/2025\/07\/nayttely_small-1024x819.jpg 1024w, https:\/\/luontomuseo.fi\/wp-content\/uploads\/2025\/07\/nayttely_small-300x240.jpg 300w, https:\/\/luontomuseo.fi\/wp-content\/uploads\/2025\/07\/nayttely_small-768x614.jpg 768w, https:\/\/luontomuseo.fi\/wp-content\/uploads\/2025\/07\/nayttely_small-1536x1229.jpg 1536w, https:\/\/luontomuseo.fi\/wp-content\/uploads\/2025\/07\/nayttely_small-15x12.jpg 15w, https:\/\/luontomuseo.fi\/wp-content\/uploads\/2025\/07\/nayttely_small-1200x960.jpg 1200w, https:\/\/luontomuseo.fi\/wp-content\/uploads\/2025\/07\/nayttely_small-1980x1584.jpg 1980w, https:\/\/luontomuseo.fi\/wp-content\/uploads\/2025\/07\/nayttely_small.jpg 2000w\" sizes=\"auto, (max-width: 1024px) 100vw, 1024px\" \/><\/figure>\n\n\n\n<p>Valokuvaaja, biologi Oskari H\u00e4rm\u00e4 toimii Forssan luontomuseon kokoelma- tutkimusp\u00e4\u00e4llikk\u00f6n\u00e4 ja p\u00e4\u00e4tyi tarkastelemaan museon t\u00e4ytettyj\u00e4 lintuja makro-objektiivin kautta, yll\u00e4ttyen h\u00f6yhenpukujen hienovaraisuudesta.<\/p>\n\n\n\n<p>Tule ja yll\u00e4ty!<\/p>\n\n\n\n<p>N\u00e4yttely n\u00e4ht\u00e4viss\u00e4 toistaiseksi osana museon pysyv\u00e4\u00e4 n\u00e4yttely\u00e4.<\/p>\n\n\n\n<h4 class=\"wp-block-heading\">Pentti Katajisto &#8211; Tammelan lumo<\/h4>\n\n\n\n<figure class=\"wp-block-image size-large\"><img loading=\"lazy\" decoding=\"async\" width=\"677\" height=\"1024\" src=\"https:\/\/luontomuseo.fi\/wp-content\/uploads\/2025\/05\/Nayttelyjuliste-Forssan-Luontomuseo-ilman-avajaisia-1-677x1024.jpg\" alt=\"\" class=\"wp-image-1686\" srcset=\"https:\/\/luontomuseo.fi\/wp-content\/uploads\/2025\/05\/Nayttelyjuliste-Forssan-Luontomuseo-ilman-avajaisia-1-677x1024.jpg 677w, https:\/\/luontomuseo.fi\/wp-content\/uploads\/2025\/05\/Nayttelyjuliste-Forssan-Luontomuseo-ilman-avajaisia-1-198x300.jpg 198w, https:\/\/luontomuseo.fi\/wp-content\/uploads\/2025\/05\/Nayttelyjuliste-Forssan-Luontomuseo-ilman-avajaisia-1-768x1162.jpg 768w, https:\/\/luontomuseo.fi\/wp-content\/uploads\/2025\/05\/Nayttelyjuliste-Forssan-Luontomuseo-ilman-avajaisia-1-1016x1536.jpg 1016w, https:\/\/luontomuseo.fi\/wp-content\/uploads\/2025\/05\/Nayttelyjuliste-Forssan-Luontomuseo-ilman-avajaisia-1-1354x2048.jpg 1354w, https:\/\/luontomuseo.fi\/wp-content\/uploads\/2025\/05\/Nayttelyjuliste-Forssan-Luontomuseo-ilman-avajaisia-1-8x12.jpg 8w, https:\/\/luontomuseo.fi\/wp-content\/uploads\/2025\/05\/Nayttelyjuliste-Forssan-Luontomuseo-ilman-avajaisia-1-1200x1815.jpg 1200w, https:\/\/luontomuseo.fi\/wp-content\/uploads\/2025\/05\/Nayttelyjuliste-Forssan-Luontomuseo-ilman-avajaisia-1.jpg 1612w\" sizes=\"auto, (max-width: 677px) 100vw, 677px\" \/><\/figure>\n\n\n\n<p>Vaihtuvassa n\u00e4yttelyss\u00e4 22.5.-29.6. Tamperelaisen valokuvaajan Pentti Katajiston luontokuvan\u00e4yttely Tammelan lumo. Nimens\u00e4 mukaisesti n\u00e4yttely on lumoava kunnianosoitus Tammelan monipuoliselle luonnolle ja arvokkaille maisemille.<\/p>\n\n\n\n<h3 class=\"wp-block-heading\">2024<\/h3>\n\n\n\n<h5 class=\"wp-block-heading\">Leena Aura &#8211; Ruostekuvia<\/h5>\n\n\n\n<figure class=\"wp-block-image size-large\"><img loading=\"lazy\" decoding=\"async\" width=\"1024\" height=\"712\" src=\"https:\/\/luontomuseo.fi\/wp-content\/uploads\/2024\/11\/Valokuva_2024-11-06_143446-1-1024x712.jpg\" alt=\"Ruostekuvia -Leena Aura\" class=\"wp-image-1636\" srcset=\"https:\/\/luontomuseo.fi\/wp-content\/uploads\/2024\/11\/Valokuva_2024-11-06_143446-1-1024x712.jpg 1024w, https:\/\/luontomuseo.fi\/wp-content\/uploads\/2024\/11\/Valokuva_2024-11-06_143446-1-300x209.jpg 300w, https:\/\/luontomuseo.fi\/wp-content\/uploads\/2024\/11\/Valokuva_2024-11-06_143446-1-768x534.jpg 768w, https:\/\/luontomuseo.fi\/wp-content\/uploads\/2024\/11\/Valokuva_2024-11-06_143446-1-1536x1068.jpg 1536w, https:\/\/luontomuseo.fi\/wp-content\/uploads\/2024\/11\/Valokuva_2024-11-06_143446-1-2048x1424.jpg 2048w, https:\/\/luontomuseo.fi\/wp-content\/uploads\/2024\/11\/Valokuva_2024-11-06_143446-1-18x12.jpg 18w, https:\/\/luontomuseo.fi\/wp-content\/uploads\/2024\/11\/Valokuva_2024-11-06_143446-1-1200x835.jpg 1200w, https:\/\/luontomuseo.fi\/wp-content\/uploads\/2024\/11\/Valokuva_2024-11-06_143446-1-1980x1377.jpg 1980w\" sizes=\"auto, (max-width: 1024px) 100vw, 1024px\" \/><\/figure>\n\n\n\n<p><\/p>\n\n\n\n<h5 class=\"wp-block-heading\" id=\"uranus\">Lounais-H\u00e4meen Uranus ry 50 vuotta: V\u00e4l\u00e4hdyksi\u00e4 t\u00e4htiharrastuksesta | 21.8.-30.9.2024<\/h5>\n\n\n\n<figure class=\"wp-block-image size-large\"><img loading=\"lazy\" decoding=\"async\" width=\"1024\" height=\"588\" src=\"https:\/\/luontomuseo.fi\/wp-content\/uploads\/2024\/08\/Uranus_webmainos_nayttely-1-1024x588.jpg\" alt=\"\" class=\"wp-image-1558\" srcset=\"https:\/\/luontomuseo.fi\/wp-content\/uploads\/2024\/08\/Uranus_webmainos_nayttely-1-1024x588.jpg 1024w, https:\/\/luontomuseo.fi\/wp-content\/uploads\/2024\/08\/Uranus_webmainos_nayttely-1-300x172.jpg 300w, https:\/\/luontomuseo.fi\/wp-content\/uploads\/2024\/08\/Uranus_webmainos_nayttely-1-768x441.jpg 768w, https:\/\/luontomuseo.fi\/wp-content\/uploads\/2024\/08\/Uranus_webmainos_nayttely-1-1536x882.jpg 1536w, https:\/\/luontomuseo.fi\/wp-content\/uploads\/2024\/08\/Uranus_webmainos_nayttely-1-18x10.jpg 18w, https:\/\/luontomuseo.fi\/wp-content\/uploads\/2024\/08\/Uranus_webmainos_nayttely-1-1200x689.jpg 1200w, https:\/\/luontomuseo.fi\/wp-content\/uploads\/2024\/08\/Uranus_webmainos_nayttely-1.jpg 1902w\" sizes=\"auto, (max-width: 1024px) 100vw, 1024px\" \/><\/figure>\n\n\n\n<p><\/p>\n\n\n\n<h5 class=\"wp-block-heading\" id=\"pienia-ihmeita\">Markku K\u00f6nkk\u00f6l\u00e4: Pieni\u00e4 ihmeit\u00e4 | 4.7.-16.8.2024<\/h5>\n\n\n\n<figure class=\"wp-block-image size-large\"><img loading=\"lazy\" decoding=\"async\" width=\"724\" height=\"1024\" src=\"https:\/\/luontomuseo.fi\/wp-content\/uploads\/2025\/06\/pieniaihmeita_vaihtuva-724x1024.jpg\" alt=\"\" class=\"wp-image-1700\" srcset=\"https:\/\/luontomuseo.fi\/wp-content\/uploads\/2025\/06\/pieniaihmeita_vaihtuva-724x1024.jpg 724w, https:\/\/luontomuseo.fi\/wp-content\/uploads\/2025\/06\/pieniaihmeita_vaihtuva-212x300.jpg 212w, https:\/\/luontomuseo.fi\/wp-content\/uploads\/2025\/06\/pieniaihmeita_vaihtuva-768x1087.jpg 768w, https:\/\/luontomuseo.fi\/wp-content\/uploads\/2025\/06\/pieniaihmeita_vaihtuva-1086x1536.jpg 1086w, https:\/\/luontomuseo.fi\/wp-content\/uploads\/2025\/06\/pieniaihmeita_vaihtuva-8x12.jpg 8w, https:\/\/luontomuseo.fi\/wp-content\/uploads\/2025\/06\/pieniaihmeita_vaihtuva-1200x1698.jpg 1200w, https:\/\/luontomuseo.fi\/wp-content\/uploads\/2025\/06\/pieniaihmeita_vaihtuva.jpg 1280w\" sizes=\"auto, (max-width: 724px) 100vw, 724px\" \/><\/figure>\n\n\n\n<h5 class=\"wp-block-heading\" id=\"ilveksen-jaljilla\">Juha Suonp\u00e4\u00e4: On the lynx's trail | 17.5.\u201328.6.2024<\/h5>\n\n\n\n<h6 class=\"wp-block-heading\">Avajaiset ja Mets\u00e4n kissa -kirjan esittely 17.5. klo 17<\/h6>\n\n\n\n<figure class=\"wp-block-image size-full\"><img loading=\"lazy\" decoding=\"async\" width=\"865\" height=\"1024\" src=\"https:\/\/luontomuseo.fi\/wp-content\/uploads\/2024\/05\/ilveksenjaljilla-865x1024-1.jpg\" alt=\"\" class=\"wp-image-1471\" srcset=\"https:\/\/luontomuseo.fi\/wp-content\/uploads\/2024\/05\/ilveksenjaljilla-865x1024-1.jpg 865w, https:\/\/luontomuseo.fi\/wp-content\/uploads\/2024\/05\/ilveksenjaljilla-865x1024-1-253x300.jpg 253w, https:\/\/luontomuseo.fi\/wp-content\/uploads\/2024\/05\/ilveksenjaljilla-865x1024-1-768x909.jpg 768w, https:\/\/luontomuseo.fi\/wp-content\/uploads\/2024\/05\/ilveksenjaljilla-865x1024-1-10x12.jpg 10w\" sizes=\"auto, (max-width: 865px) 100vw, 865px\" \/><\/figure>\n\n\n\n<p>[Info in Finnish] Avajaisiin on vapaa p\u00e4\u00e4sy.<\/p>\n\n\n\n<p>Euroopan ilveskannasta noin nelj\u00e4sosa asuu Suomessa. Viel\u00e4 sata vuotta sitten l\u00e4hes sukupuuttoon tapettu kissapeto on kyennyt palaamaan etel\u00e4iseen Suomeen. Juha Suonp\u00e4\u00e4n ilves-projektin tavoitteena on lis\u00e4t\u00e4 valokuvataiteen keinoin ymp\u00e4rist\u00f6\u00f6n liittyv\u00e4\u00e4 tunnetietoa. Ilvesten v\u00e4lityksell\u00e4 h\u00e4n haluaa tehd\u00e4 n\u00e4kyv\u00e4ksi meit\u00e4 ymp\u00e4r\u00f6iv\u00e4n monimuotoisen luonnon, jonka s\u00e4ilyminen edellytt\u00e4\u00e4 uuden tyyppisen luontosuhteen rakentumista.<\/p>\n\n\n\n<p><em>Ilveksen j\u00e4ljill\u00e4<\/em> -n\u00e4yttely saattaa aiheensa puolesta vaikuttaa perinteiselt\u00e4 luontokuvan\u00e4yttelylt\u00e4, mutta Suonp\u00e4\u00e4n ty\u00f6skentelymetodi tuottaa yll\u00e4tyksen. Valokuvista ja videoteoksesta koostuvan n\u00e4yttelyn aineisto on syntynyt mets\u00e4\u00e4n viideksi vuodeksi asetetuilla kameroilla. Suonp\u00e4\u00e4 itse ei ole koskaan n\u00e4hnyt kuvissa esiintyvi\u00e4 el\u00e4inyksil\u00f6it\u00e4. Kuvien aiheina olevat, usein y\u00f6aikaan liikkuneet el\u00e4imet ovat kuulleet, tunteneet, haistaneet ja n\u00e4hneet infrapuna-aallonpituudella kuvaavat kamerat, jolloin kuvat voidaan n\u00e4hd\u00e4 my\u00f6s er\u00e4\u00e4nlaisina luonnon selfiein\u00e4.<\/p>\n\n\n\n<p>N\u00e4yttely on osa laajempaa suurpetoaiheista teoskokonaisuutta, johon kuuluu vuonna 2023 ensi-iltansa saanut dokumenttielokuva Ilveskuiskaaja \/ Lynx Man, n\u00e4yttelyyn liittyv\u00e4 ilves-aiheinen&nbsp;valokuvakirja <em>Mets\u00e4n kissa<\/em> ja&nbsp;vaikuttavuuskampanja, joka toteutettiin elokuvan julkaisun yhteydess\u00e4 tamperelaisen elokuvatuotantoyhti\u00f6 Wacky Tie Filmsin ja Luonnonperint\u00f6s\u00e4\u00e4ti\u00f6n yhteisty\u00f6n\u00e4.&nbsp;<em>Ilveksen j\u00e4ljill\u00e4<\/em> -n\u00e4yttely oheistapahtumineen jatkaa t\u00e4t\u00e4 vaikuttavuusty\u00f6t\u00e4&nbsp;kanssakulkijuuden&nbsp;puolustamiseksi.<\/p>\n\n\n\n<p>____<\/p>\n\n\n\n<p>Juha Suonp\u00e4\u00e4 on taiteen, ymp\u00e4rist\u00f6- ja luontokuvauksen dosentti, taiteen tohtori ja kasvatustieteen maisteri. Suonp\u00e4\u00e4 toimii yliopettajanana&nbsp;Tampereen ammattikorkeakoulun (TAMK)&nbsp;soveltavan tutkimuksen keskuksessa.<\/p>\n\n\n\n<p>Suonp\u00e4\u00e4 on pit\u00e4nyt kansainv\u00e4lisi\u00e4 n\u00e4yttelyit\u00e4 ja julkaissut dokumenttielokuvia, lukuisia akateemisia monografioita ja artikkeleita sek\u00e4 tutkinut muun muassa valokuvaukseen, tieteen visualisointiin ja paikan identiteetin rakentumiseen liittyvi\u00e4 aiheita.<\/p>\n\n\n\n<p>Taiteen ja tieteen kent\u00e4ll\u00e4 tekem\u00e4st\u00e4\u00e4n ty\u00f6st\u00e4 Suonp\u00e4\u00e4 on palkittu Pirkanmaan maakuntarahaston tiedepalkinnolla vuonna 2000, Finnfoto-palkinnolla vuonna 2011, Taiteen edist\u00e4miskeskuksen kulttuuritekopalkinnolla vuonna 2013 ja Majaoja-palkinnolla vuonna 2017.<\/p>\n\n\n\n<p>Lis\u00e4tietoja:<\/p>\n\n\n\n<p>Juha Suonp\u00e4\u00e4 p. 0400 120544<\/p>\n\n\n\n<h5 class=\"wp-block-heading\">Heikki Tanhuanp\u00e4\u00e4: Hetki\u00e4 luonnosta | 5.4.\u201315.5.2024<\/h5>\n\n\n\n<p>The exhibition features Tanhuanp\u00e4\u00e4's nature-themed oil paintings.<\/p>\n\n\n\n<figure class=\"wp-block-image size-large\"><img loading=\"lazy\" decoding=\"async\" width=\"724\" height=\"1024\" src=\"https:\/\/luontomuseo.fi\/wp-content\/uploads\/2024\/04\/h.tanhuanpaa_vaihtuva-724x1024.png\" alt=\"\" class=\"wp-image-1451\" srcset=\"https:\/\/luontomuseo.fi\/wp-content\/uploads\/2024\/04\/h.tanhuanpaa_vaihtuva-724x1024.png 724w, https:\/\/luontomuseo.fi\/wp-content\/uploads\/2024\/04\/h.tanhuanpaa_vaihtuva-212x300.png 212w, https:\/\/luontomuseo.fi\/wp-content\/uploads\/2024\/04\/h.tanhuanpaa_vaihtuva-768x1086.png 768w, https:\/\/luontomuseo.fi\/wp-content\/uploads\/2024\/04\/h.tanhuanpaa_vaihtuva-1086x1536.png 1086w, https:\/\/luontomuseo.fi\/wp-content\/uploads\/2024\/04\/h.tanhuanpaa_vaihtuva-8x12.png 8w, https:\/\/luontomuseo.fi\/wp-content\/uploads\/2024\/04\/h.tanhuanpaa_vaihtuva-1200x1697.png 1200w, https:\/\/luontomuseo.fi\/wp-content\/uploads\/2024\/04\/h.tanhuanpaa_vaihtuva.png 1240w\" sizes=\"auto, (max-width: 724px) 100vw, 724px\" \/><\/figure>\n\n\n\n<hr class=\"wp-block-separator has-alpha-channel-opacity is-style-default\"\/>\n\n\n\n<h3 class=\"wp-block-heading\">2023<\/h3>\n\n\n\n<figure class=\"wp-block-image\"><img loading=\"lazy\" decoding=\"async\" width=\"945\" height=\"970\" src=\"https:\/\/luontomuseo.fi\/wp-content\/uploads\/2023\/10\/F0420C79A8A04016B5C89D84CBDFFE2A.jpg\" alt=\"\" class=\"wp-image-1348\" srcset=\"https:\/\/luontomuseo.fi\/wp-content\/uploads\/2023\/10\/F0420C79A8A04016B5C89D84CBDFFE2A.jpg 945w, https:\/\/luontomuseo.fi\/wp-content\/uploads\/2023\/10\/F0420C79A8A04016B5C89D84CBDFFE2A-292x300.jpg 292w, https:\/\/luontomuseo.fi\/wp-content\/uploads\/2023\/10\/F0420C79A8A04016B5C89D84CBDFFE2A-768x788.jpg 768w, https:\/\/luontomuseo.fi\/wp-content\/uploads\/2023\/10\/F0420C79A8A04016B5C89D84CBDFFE2A-12x12.jpg 12w\" sizes=\"auto, (max-width: 945px) 100vw, 945px\" \/><figcaption class=\"wp-element-caption\">Image: Soili Mahlanen 2023<\/figcaption><\/figure>\n\n\n\n<h6 class=\"wp-block-heading\">FORSSA 100 | 5.11.\u201330.12.2023<\/h6>\n\n\n\n<p>A group exhibition celebrating the artists and nature of the Forssa region and Forssa's 100-year history.<\/p>\n\n\n\n<p>Exhibition artists:<\/p>\n\n\n\n<p>Liisa Facius-Kenell<\/p>\n\n\n\n<p>Jussi Heinonen<\/p>\n\n\n\n<p>Pirkko Hirsikangas<\/p>\n\n\n\n<p>P\u00e4ivi Honkala<\/p>\n\n\n\n<p>Merja Isotalo<\/p>\n\n\n\n<p>Pekka Lepp\u00e4l\u00e4<\/p>\n\n\n\n<p>Soili Mahlanen<\/p>\n\n\n\n<p>Susanna Mandelin<\/p>\n\n\n\n<p>Outi Silfvenius<\/p>\n\n\n\n<p>Taina Sipil\u00e4<\/p>\n\n\n\n<p>Tapio Tuomela<\/p>","protected":false},"excerpt":{"rendered":"<p>Katso Syvemm\u00e4lle &#8211; Neea Eloranta Iloa mustikasta H\u00f6yhenpukujen hienovaraisuus \u2013 Tutkielmia linnuista Valokuvaaja, biologi Oskari H\u00e4rm\u00e4 toimii Forssan luontomuseon kokoelma- tutkimusp\u00e4\u00e4llikk\u00f6n\u00e4 ja p\u00e4\u00e4tyi tarkastelemaan museon t\u00e4ytettyj\u00e4 lintuja makro-objektiivin kautta, yll\u00e4ttyen h\u00f6yhenpukujen hienovaraisuudesta. Tule ja yll\u00e4ty! N\u00e4yttely n\u00e4ht\u00e4viss\u00e4 toistaiseksi osana museon pysyv\u00e4\u00e4 n\u00e4yttely\u00e4. Pentti Katajisto &#8211; Tammelan lumo Vaihtuvassa n\u00e4yttelyss\u00e4 22.5.-29.6. Tamperelaisen valokuvaajan Pentti Katajiston luontokuvan\u00e4yttely [&hellip;]<\/p>\n","protected":false},"author":1,"featured_media":0,"parent":0,"menu_order":0,"comment_status":"closed","ping_status":"closed","template":"","meta":{"footnotes":""},"class_list":["post-1408","page","type-page","status-publish","hentry"],"_links":{"self":[{"href":"https:\/\/luontomuseo.fi\/en\/wp-json\/wp\/v2\/pages\/1408","targetHints":{"allow":["GET"]}}],"collection":[{"href":"https:\/\/luontomuseo.fi\/en\/wp-json\/wp\/v2\/pages"}],"about":[{"href":"https:\/\/luontomuseo.fi\/en\/wp-json\/wp\/v2\/types\/page"}],"author":[{"embeddable":true,"href":"https:\/\/luontomuseo.fi\/en\/wp-json\/wp\/v2\/users\/1"}],"replies":[{"embeddable":true,"href":"https:\/\/luontomuseo.fi\/en\/wp-json\/wp\/v2\/comments?post=1408"}],"version-history":[{"count":16,"href":"https:\/\/luontomuseo.fi\/en\/wp-json\/wp\/v2\/pages\/1408\/revisions"}],"predecessor-version":[{"id":1753,"href":"https:\/\/luontomuseo.fi\/en\/wp-json\/wp\/v2\/pages\/1408\/revisions\/1753"}],"wp:attachment":[{"href":"https:\/\/luontomuseo.fi\/en\/wp-json\/wp\/v2\/media?parent=1408"}],"curies":[{"name":"wp","href":"https:\/\/api.w.org\/{rel}","templated":true}]}}